{"id":2042,"date":"2024-10-18T14:58:31","date_gmt":"2024-10-18T12:58:31","guid":{"rendered":"https:\/\/bogehiwo.cyon.site\/?page_id=2042"},"modified":"2024-10-18T16:09:23","modified_gmt":"2024-10-18T14:09:23","slug":"ostschweiz-fuerstentum-liechtenstein","status":"publish","type":"page","link":"https:\/\/aeroclub.ch\/fr\/der-aecs-im-ueberblick-verbaende\/ostschweiz-fuerstentum-liechtenstein\/","title":{"rendered":"Suisse orientale &amp; Liechtenstein"},"content":{"rendered":"<div data-elementor-type=\"wp-page\" data-elementor-id=\"2042\" class=\"elementor elementor-2042\" data-elementor-post-type=\"page\">\n\t\t\t\t\t\t<section class=\"elementor-section elementor-top-section elementor-element elementor-element-f5c0538 elementor-section-boxed elementor-section-height-default elementor-section-height-default\" data-id=\"f5c0538\" data-element_type=\"section\" data-e-type=\"section\">\n\t\t\t\t\t\t<div class=\"elementor-container elementor-column-gap-default\">\n\t\t\t\t\t<div class=\"elementor-column elementor-col-100 elementor-top-column elementor-element elementor-element-d1bd4de\" data-id=\"d1bd4de\" data-element_type=\"column\" data-e-type=\"column\">\n\t\t\t<div class=\"elementor-widget-wrap elementor-element-populated\">\n\t\t\t\t\t\t<div class=\"elementor-element elementor-element-4f54be5 elementor-widget elementor-widget-text-editor\" data-id=\"4f54be5\" data-element_type=\"widget\" data-e-type=\"widget\" data-widget_type=\"text-editor.default\">\n\t\t\t\t<div class=\"elementor-widget-container\">\n\t\t\t\t\t\t\t\t\t<p>Les associations r\u00e9gionales rassemblent diff\u00e9rentes personnes et groupes int\u00e9ress\u00e9s par l'aviation. Une association r\u00e9gionale peut ainsi regrouper des a\u00e9rostiers, des parachutistes, des adeptes de l'a\u00e9romod\u00e9lisme, de l'aviation motoris\u00e9e, du vol \u00e0 voile et d'autres groupes a\u00e9ronautiques.<\/p><p align=\"justify\">Les f\u00e9d\u00e9rations r\u00e9gionales sont des associations autonomes g\u00e9r\u00e9es conform\u00e9ment aux articles 60 et suivants du Code civil. Au sein de l'A\u00e9CS, elles sont principalement orient\u00e9es vers la politique r\u00e9gionale et la soci\u00e9t\u00e9.<\/p><p>Les Associations r\u00e9gionales ont le droit d'utiliser toutes les prestations de service offertes par la f\u00e9d\u00e9ration fa\u00eeti\u00e8re. En outre, les Associations r\u00e9gionales reconnaissent l'autonomie de ses groupes a\u00e9ronautiques affili\u00e9s et de ses membres r\u00e9gionaux, les conseillent sur les questions r\u00e9gionales, repr\u00e9sentent la politique de l'A\u00e9CS au niveau r\u00e9gional, d\u00e9fendent les int\u00e9r\u00eats r\u00e9gionaux sp\u00e9cifiques aupr\u00e8s des autorit\u00e9s, des organisations et des m\u00e9dias, s'occupent des questions r\u00e9gionales relatives \u00e0 l'espace a\u00e9rien et aux a\u00e9rodromes, organisent des \u00e9v\u00e9nements (conf\u00e9rences, manifestations, expositions, etc.) et entretiennent une promotion durable de la jeunesse et de la rel\u00e8ve dans la r\u00e9gion.<\/p>\t\t\t\t\t\t\t\t<\/div>\n\t\t\t\t<\/div>\n\t\t\t\t\t<\/div>\n\t\t<\/div>\n\t\t\t\t\t<\/div>\n\t\t<\/section>\n\t\t\t\t<section class=\"elementor-section elementor-top-section elementor-element elementor-element-91aa8ac elementor-section-boxed elementor-section-height-default elementor-section-height-default\" data-id=\"91aa8ac\" data-element_type=\"section\" data-e-type=\"section\">\n\t\t\t\t\t\t<div class=\"elementor-container elementor-column-gap-default\">\n\t\t\t\t\t<div class=\"elementor-column elementor-col-100 elementor-top-column elementor-element elementor-element-e353c1b\" data-id=\"e353c1b\" data-element_type=\"column\" data-e-type=\"column\">\n\t\t\t<div class=\"elementor-widget-wrap elementor-element-populated\">\n\t\t\t\t\t\t<div class=\"elementor-element elementor-element-f7456d7 elementor-widget elementor-widget-text-editor\" data-id=\"f7456d7\" data-element_type=\"widget\" data-e-type=\"widget\" data-widget_type=\"text-editor.default\">\n\t\t\t\t<div class=\"elementor-widget-container\">\n\t\t\t\t\t\t\t\t\t<p><strong>Les associations suivantes sont affili\u00e9es \u00e0 cette zone r\u00e9gionale :<\/strong><\/p>\t\t\t\t\t\t\t\t<\/div>\n\t\t\t\t<\/div>\n\t\t\t\t\t<\/div>\n\t\t<\/div>\n\t\t\t\t\t<\/div>\n\t\t<\/section>\n\t\t\t\t<section class=\"elementor-section elementor-top-section elementor-element elementor-element-bb352b5 elementor-section-boxed elementor-section-height-default elementor-section-height-default\" data-id=\"bb352b5\" data-element_type=\"section\" data-e-type=\"section\">\n\t\t\t\t\t\t<div class=\"elementor-container elementor-column-gap-default\">\n\t\t\t\t\t<div class=\"elementor-column elementor-col-100 elementor-top-column elementor-element elementor-element-5997922\" data-id=\"5997922\" data-element_type=\"column\" data-e-type=\"column\">\n\t\t\t<div class=\"elementor-widget-wrap elementor-element-populated\">\n\t\t\t\t\t\t<div class=\"elementor-element elementor-element-8b48bae elementor-icon-list--layout-traditional elementor-list-item-link-full_width elementor-widget elementor-widget-icon-list\" data-id=\"8b48bae\" data-element_type=\"widget\" data-e-type=\"widget\" data-widget_type=\"icon-list.default\">\n\t\t\t\t<div class=\"elementor-widget-container\">\n\t\t\t\t\t\t\t<ul class=\"elementor-icon-list-items\">\n\t\t\t\t\t\t\t<li class=\"elementor-icon-list-item\">\n\t\t\t\t\t\t\t\t\t\t\t<a href=\"http:\/\/www.aeroclub-engadin.ch\/\" target=\"_blank\">\n\n\t\t\t\t\t\t\t\t\t\t\t\t<span class=\"elementor-icon-list-icon\">\n\t\t\t\t\t\t\t<svg aria-hidden=\"true\" class=\"e-font-icon-svg e-fas-plane\" viewbox=\"0 0 576 512\" xmlns=\"http:\/\/www.w3.org\/2000\/svg\"><path d=\"M480 192H365.71L260.61 8.06A16.014 16.014 0 0 0 246.71 0h-65.5c-10.63 0-18.3 10.17-15.38 20.39L214.86 192H112l-43.2-57.6c-3.02-4.03-7.77-6.4-12.8-6.4H16.01C5.6 128-2.04 137.78.49 147.88L32 256 .49 364.12C-2.04 374.22 5.6 384 16.01 384H56c5.04 0 9.78-2.37 12.8-6.4L112 320h102.86l-49.03 171.6c-2.92 10.22 4.75 20.4 15.38 20.4h65.5c5.74 0 11.04-3.08 13.89-8.06L365.71 320H480c35.35 0 96-28.65 96-64s-60.65-64-96-64z\"><\/path><\/svg>\t\t\t\t\t\t<\/span>\n\t\t\t\t\t\t\t\t\t\t<span class=\"elementor-icon-list-text\">Section de l'Engadine<\/span>\n\t\t\t\t\t\t\t\t\t\t\t<\/a>\n\t\t\t\t\t\t\t\t\t<\/li>\n\t\t\t\t\t\t\t\t<li class=\"elementor-icon-list-item\">\n\t\t\t\t\t\t\t\t\t\t\t<a href=\"http:\/\/www.aecos.ch\/\" target=\"_blank\">\n\n\t\t\t\t\t\t\t\t\t\t\t\t<span class=\"elementor-icon-list-icon\">\n\t\t\t\t\t\t\t<svg aria-hidden=\"true\" class=\"e-font-icon-svg e-fas-plane\" viewbox=\"0 0 576 512\" xmlns=\"http:\/\/www.w3.org\/2000\/svg\"><path d=\"M480 192H365.71L260.61 8.06A16.014 16.014 0 0 0 246.71 0h-65.5c-10.63 0-18.3 10.17-15.38 20.39L214.86 192H112l-43.2-57.6c-3.02-4.03-7.77-6.4-12.8-6.4H16.01C5.6 128-2.04 137.78.49 147.88L32 256 .49 364.12C-2.04 374.22 5.6 384 16.01 384H56c5.04 0 9.78-2.37 12.8-6.4L112 320h102.86l-49.03 171.6c-2.92 10.22 4.75 20.4 15.38 20.4h65.5c5.74 0 11.04-3.08 13.89-8.06L365.71 320H480c35.35 0 96-28.65 96-64s-60.65-64-96-64z\"><\/path><\/svg>\t\t\t\t\t\t<\/span>\n\t\t\t\t\t\t\t\t\t\t<span class=\"elementor-icon-list-text\">A\u00e9ro-Club de Suisse orientale<\/span>\n\t\t\t\t\t\t\t\t\t\t\t<\/a>\n\t\t\t\t\t\t\t\t\t<\/li>\n\t\t\t\t\t\t\t\t<li class=\"elementor-icon-list-item\">\n\t\t\t\t\t\t\t\t\t\t\t<a href=\"http:\/\/modellflug.ch\/content.aspx?contid=106&#038;lang=DE\" target=\"_blank\">\n\n\t\t\t\t\t\t\t\t\t\t\t\t<span class=\"elementor-icon-list-icon\">\n\t\t\t\t\t\t\t<svg aria-hidden=\"true\" class=\"e-font-icon-svg e-fas-plane\" viewbox=\"0 0 576 512\" xmlns=\"http:\/\/www.w3.org\/2000\/svg\"><path d=\"M480 192H365.71L260.61 8.06A16.014 16.014 0 0 0 246.71 0h-65.5c-10.63 0-18.3 10.17-15.38 20.39L214.86 192H112l-43.2-57.6c-3.02-4.03-7.77-6.4-12.8-6.4H16.01C5.6 128-2.04 137.78.49 147.88L32 256 .49 364.12C-2.04 374.22 5.6 384 16.01 384H56c5.04 0 9.78-2.37 12.8-6.4L112 320h102.86l-49.03 171.6c-2.92 10.22 4.75 20.4 15.38 20.4h65.5c5.74 0 11.04-3.08 13.89-8.06L365.71 320H480c35.35 0 96-28.65 96-64s-60.65-64-96-64z\"><\/path><\/svg>\t\t\t\t\t\t<\/span>\n\t\t\t\t\t\t\t\t\t\t<span class=\"elementor-icon-list-text\">F\u00e9d\u00e9ration d'a\u00e9romod\u00e9lisme de l'Est<\/span>\n\t\t\t\t\t\t\t\t\t\t\t<\/a>\n\t\t\t\t\t\t\t\t\t<\/li>\n\t\t\t\t\t\t<\/ul>\n\t\t\t\t\t\t<\/div>\n\t\t\t\t<\/div>\n\t\t\t\t\t<\/div>\n\t\t<\/div>\n\t\t\t\t\t<\/div>\n\t\t<\/section>\n\t\t\t\t<\/div>","protected":false},"excerpt":{"rendered":"<p>Les associations r\u00e9gionales rassemblent diff\u00e9rentes personnes et groupes int\u00e9ress\u00e9s par l'aviation. Une association r\u00e9gionale peut ainsi regrouper des a\u00e9rostiers, des parachutistes, des adeptes du mod\u00e8le r\u00e9duit, du moteur et de l'avion.<\/p>","protected":false},"author":1,"featured_media":0,"parent":2036,"menu_order":0,"comment_status":"closed","ping_status":"closed","template":"","meta":{"footnotes":""},"class_list":["post-2042","page","type-page","status-publish","hentry"],"_links":{"self":[{"href":"https:\/\/aeroclub.ch\/fr\/wp-json\/wp\/v2\/pages\/2042","targetHints":{"allow":["GET"]}}],"collection":[{"href":"https:\/\/aeroclub.ch\/fr\/wp-json\/wp\/v2\/pages"}],"about":[{"href":"https:\/\/aeroclub.ch\/fr\/wp-json\/wp\/v2\/types\/page"}],"author":[{"embeddable":true,"href":"https:\/\/aeroclub.ch\/fr\/wp-json\/wp\/v2\/users\/1"}],"replies":[{"embeddable":true,"href":"https:\/\/aeroclub.ch\/fr\/wp-json\/wp\/v2\/comments?post=2042"}],"version-history":[{"count":0,"href":"https:\/\/aeroclub.ch\/fr\/wp-json\/wp\/v2\/pages\/2042\/revisions"}],"up":[{"embeddable":true,"href":"https:\/\/aeroclub.ch\/fr\/wp-json\/wp\/v2\/pages\/2036"}],"wp:attachment":[{"href":"https:\/\/aeroclub.ch\/fr\/wp-json\/wp\/v2\/media?parent=2042"}],"curies":[{"name":"wp","href":"https:\/\/api.w.org\/{rel}","templated":true}]}}